{"id":1337,"date":"2015-05-22T14:26:55","date_gmt":"2015-05-22T18:26:55","guid":{"rendered":"http:\/\/glslcities.org\/?page_id=1337"},"modified":"2026-03-06T12:11:22","modified_gmt":"2026-03-06T17:11:22","slug":"assemblee-annuelle","status":"publish","type":"page","link":"https:\/\/glslcities.org\/fr\/evenements\/assemblee-annuelle\/","title":{"rendered":"Assembl\u00e9e annuelle"},"content":{"rendered":"<p>Chaque ann\u00e9e, l\u2019Alliance des villes des Grands Lacs et du Saint-Laurent invites des pan\u00e9listes et conf\u00e9renciers \u00e0 s\u2019exprimer sur un th\u00e8me central concernant les municipalit\u00e9s des Grands Lacs et du fleuve Saint-Laurent.<\/p>\n<p>Du <strong>6 au 8 mai 2026<\/strong>, nous nous r\u00e9unirons \u00e0 <strong>Hamilton, en Ontario<\/strong>, pour notre prochain congr\u00e8s annuel, alors que nous explorerons le d\u00e9veloppement du Corridor \u00e9conomique de la C\u00f4te douce. L\u2019Alliance des villes des Grands Lacs et du Saint-Laurent s\u2019est engag\u00e9e dans une d\u00e9marche ambitieuse visant \u00e0 transformer l\u2019\u00e9conomie de notre r\u00e9gion, avec l\u2019objectif audacieux de devenir la r\u00e9gion connaissant la croissance la plus rapide en Am\u00e9rique du Nord au cours des dix prochaines ann\u00e9es.\u00a0 <a href=\"https:\/\/glslcities.org\/fr\/evenements\/assemblee-annuelle\/congres-annuel-2026-a-hamilton-on\/\">En savoir plus<\/a>\u00a0et\u00a0<a href=\"https:\/\/www.eventbrite.com\/e\/congres-annuel-2026-6-8-mai-2026-tickets-1979361267835?aff=oddtdtcreator\">s\u2019inscrire<\/a>\u00a0\u00e0 notre \u00e9v\u00e9nement.<\/p>\n<p><img loading=\"lazy\" decoding=\"async\" class=\"aligncenter wp-image-18878 size-full\" src=\"https:\/\/glslcities.org\/wp-content\/uploads\/2025\/11\/Hamilton-Collage.jpg\" alt=\"\" width=\"1280\" height=\"720\" \/><\/p>\n","protected":false},"excerpt":{"rendered":"<p>Chaque ann\u00e9e, l\u2019Alliance des villes des Grands Lacs et du Saint-Laurent invites des pan\u00e9listes et conf\u00e9renciers \u00e0 s\u2019exprimer sur un th\u00e8me central concernant les municipalit\u00e9s des Grands Lacs et du fleuve Saint-Laurent. Du 6 au 8 mai 2026, nous nous r\u00e9unirons \u00e0 Hamilton, en Ontario, pour notre prochain congr\u00e8s annuel, alors que nous explorerons le&#8230; <a class=\"read-more\" href=\"https:\/\/glslcities.org\/fr\/evenements\/assemblee-annuelle\/\">Read More<span class=\"hidden\"> about \u00ab\u00a0Assembl\u00e9e annuelle\u00a0\u00bb<\/span><\/a><\/p>\n","protected":false},"author":1,"featured_media":0,"parent":1335,"menu_order":0,"comment_status":"open","ping_status":"open","template":"","meta":{"_acf_changed":false,"footnotes":""},"class_list":["post-1337","page","type-page","status-publish","hentry"],"acf":[],"yoast_head":"<!-- This site is optimized with the Yoast SEO plugin v27.4 - https:\/\/yoast.com\/product\/yoast-seo-wordpress\/ -->\n<title>Assembl\u00e9e annuelle - L\u2019Alliance des villes des Grands Lacs et du Saint-Laurent<\/title>\n<meta name=\"robots\" content=\"index, follow, max-snippet:-1, max-image-preview:large, max-video-preview:-1\" \/>\n<link rel=\"canonical\" href=\"https:\/\/glslcities.org\/fr\/evenements\/assemblee-annuelle\/\" \/>\n<meta property=\"og:locale\" content=\"fr_FR\" \/>\n<meta property=\"og:type\" content=\"article\" \/>\n<meta property=\"og:title\" content=\"Assembl\u00e9e annuelle - L\u2019Alliance des villes des Grands Lacs et du Saint-Laurent\" \/>\n<meta property=\"og:description\" content=\"Chaque ann\u00e9e, l\u2019Alliance des villes des Grands Lacs et du Saint-Laurent invites des pan\u00e9listes et conf\u00e9renciers \u00e0 s\u2019exprimer sur un th\u00e8me central concernant les municipalit\u00e9s des Grands Lacs et du fleuve Saint-Laurent. Du 6 au 8 mai 2026, nous nous r\u00e9unirons \u00e0 Hamilton, en Ontario, pour notre prochain congr\u00e8s annuel, alors que nous explorerons le... Read More about &quot;Assembl\u00e9e annuelle&quot;\" \/>\n<meta property=\"og:url\" content=\"https:\/\/glslcities.org\/fr\/evenements\/assemblee-annuelle\/\" \/>\n<meta property=\"og:site_name\" content=\"L\u2019Alliance des villes des Grands Lacs et du Saint-Laurent\" \/>\n<meta property=\"article:modified_time\" content=\"2026-03-06T17:11:22+00:00\" \/>\n<meta property=\"og:image\" content=\"https:\/\/glslcities.org\/wp-content\/uploads\/2020\/01\/great-lakes-social.png\" \/>\n\t<meta property=\"og:image:width\" content=\"1200\" \/>\n\t<meta property=\"og:image:height\" content=\"630\" \/>\n\t<meta property=\"og:image:type\" content=\"image\/png\" \/>\n<meta name=\"twitter:card\" content=\"summary_large_image\" \/>\n<meta name=\"twitter:label1\" content=\"Dur\u00e9e de lecture estim\u00e9e\" \/>\n\t<meta name=\"twitter:data1\" content=\"1 minute\" \/>\n<script type=\"application\/ld+json\" class=\"yoast-schema-graph\">{\"@context\":\"https:\\\/\\\/schema.org\",\"@graph\":[{\"@type\":\"WebPage\",\"@id\":\"https:\\\/\\\/glslcities.org\\\/fr\\\/evenements\\\/assemblee-annuelle\\\/\",\"url\":\"https:\\\/\\\/glslcities.org\\\/fr\\\/evenements\\\/assemblee-annuelle\\\/\",\"name\":\"Assembl\u00e9e annuelle - L\u2019Alliance des villes des Grands Lacs et du Saint-Laurent\",\"isPartOf\":{\"@id\":\"https:\\\/\\\/glslcities.org\\\/#website\"},\"primaryImageOfPage\":{\"@id\":\"https:\\\/\\\/glslcities.org\\\/fr\\\/evenements\\\/assemblee-annuelle\\\/#primaryimage\"},\"image\":{\"@id\":\"https:\\\/\\\/glslcities.org\\\/fr\\\/evenements\\\/assemblee-annuelle\\\/#primaryimage\"},\"thumbnailUrl\":\"https:\\\/\\\/glslcities.org\\\/wp-content\\\/uploads\\\/2025\\\/11\\\/Hamilton-Collage.jpg\",\"datePublished\":\"2015-05-22T18:26:55+00:00\",\"dateModified\":\"2026-03-06T17:11:22+00:00\",\"breadcrumb\":{\"@id\":\"https:\\\/\\\/glslcities.org\\\/fr\\\/evenements\\\/assemblee-annuelle\\\/#breadcrumb\"},\"inLanguage\":\"fr-FR\",\"potentialAction\":[{\"@type\":\"ReadAction\",\"target\":[\"https:\\\/\\\/glslcities.org\\\/fr\\\/evenements\\\/assemblee-annuelle\\\/\"]}]},{\"@type\":\"ImageObject\",\"inLanguage\":\"fr-FR\",\"@id\":\"https:\\\/\\\/glslcities.org\\\/fr\\\/evenements\\\/assemblee-annuelle\\\/#primaryimage\",\"url\":\"https:\\\/\\\/glslcities.org\\\/wp-content\\\/uploads\\\/2025\\\/11\\\/Hamilton-Collage.jpg\",\"contentUrl\":\"https:\\\/\\\/glslcities.org\\\/wp-content\\\/uploads\\\/2025\\\/11\\\/Hamilton-Collage.jpg\"},{\"@type\":\"BreadcrumbList\",\"@id\":\"https:\\\/\\\/glslcities.org\\\/fr\\\/evenements\\\/assemblee-annuelle\\\/#breadcrumb\",\"itemListElement\":[{\"@type\":\"ListItem\",\"position\":1,\"name\":\"Home\",\"item\":\"https:\\\/\\\/glslcities.org\\\/fr\\\/\"},{\"@type\":\"ListItem\",\"position\":2,\"name\":\"\u00c9v\u00e9nements \u00e0 venir\",\"item\":\"https:\\\/\\\/glslcities.org\\\/fr\\\/evenements\\\/\"},{\"@type\":\"ListItem\",\"position\":3,\"name\":\"Assembl\u00e9e annuelle\"}]},{\"@type\":\"WebSite\",\"@id\":\"https:\\\/\\\/glslcities.org\\\/#website\",\"url\":\"https:\\\/\\\/glslcities.org\\\/\",\"name\":\"L\u2019Alliance des villes des Grands Lacs et du Saint-Laurent\",\"description\":\"Des maires unis pour prot\u00e9ger et restaurer les Grands Lacs et le Saint-Laurent\",\"potentialAction\":[{\"@type\":\"SearchAction\",\"target\":{\"@type\":\"EntryPoint\",\"urlTemplate\":\"https:\\\/\\\/glslcities.org\\\/?s={search_term_string}\"},\"query-input\":{\"@type\":\"PropertyValueSpecification\",\"valueRequired\":true,\"valueName\":\"search_term_string\"}}],\"inLanguage\":\"fr-FR\"}]}<\/script>\n<!-- \/ Yoast SEO plugin. -->","yoast_head_json":{"title":"Assembl\u00e9e annuelle - L\u2019Alliance des villes des Grands Lacs et du Saint-Laurent","robots":{"index":"index","follow":"follow","max-snippet":"max-snippet:-1","max-image-preview":"max-image-preview:large","max-video-preview":"max-video-preview:-1"},"canonical":"https:\/\/glslcities.org\/fr\/evenements\/assemblee-annuelle\/","og_locale":"fr_FR","og_type":"article","og_title":"Assembl\u00e9e annuelle - L\u2019Alliance des villes des Grands Lacs et du Saint-Laurent","og_description":"Chaque ann\u00e9e, l\u2019Alliance des villes des Grands Lacs et du Saint-Laurent invites des pan\u00e9listes et conf\u00e9renciers \u00e0 s\u2019exprimer sur un th\u00e8me central concernant les municipalit\u00e9s des Grands Lacs et du fleuve Saint-Laurent. Du 6 au 8 mai 2026, nous nous r\u00e9unirons \u00e0 Hamilton, en Ontario, pour notre prochain congr\u00e8s annuel, alors que nous explorerons le... Read More about \"Assembl\u00e9e annuelle\"","og_url":"https:\/\/glslcities.org\/fr\/evenements\/assemblee-annuelle\/","og_site_name":"L\u2019Alliance des villes des Grands Lacs et du Saint-Laurent","article_modified_time":"2026-03-06T17:11:22+00:00","og_image":[{"width":1200,"height":630,"url":"https:\/\/glslcities.org\/wp-content\/uploads\/2020\/01\/great-lakes-social.png","type":"image\/png"}],"twitter_card":"summary_large_image","twitter_misc":{"Dur\u00e9e de lecture estim\u00e9e":"1 minute"},"schema":{"@context":"https:\/\/schema.org","@graph":[{"@type":"WebPage","@id":"https:\/\/glslcities.org\/fr\/evenements\/assemblee-annuelle\/","url":"https:\/\/glslcities.org\/fr\/evenements\/assemblee-annuelle\/","name":"Assembl\u00e9e annuelle - L\u2019Alliance des villes des Grands Lacs et du Saint-Laurent","isPartOf":{"@id":"https:\/\/glslcities.org\/#website"},"primaryImageOfPage":{"@id":"https:\/\/glslcities.org\/fr\/evenements\/assemblee-annuelle\/#primaryimage"},"image":{"@id":"https:\/\/glslcities.org\/fr\/evenements\/assemblee-annuelle\/#primaryimage"},"thumbnailUrl":"https:\/\/glslcities.org\/wp-content\/uploads\/2025\/11\/Hamilton-Collage.jpg","datePublished":"2015-05-22T18:26:55+00:00","dateModified":"2026-03-06T17:11:22+00:00","breadcrumb":{"@id":"https:\/\/glslcities.org\/fr\/evenements\/assemblee-annuelle\/#breadcrumb"},"inLanguage":"fr-FR","potentialAction":[{"@type":"ReadAction","target":["https:\/\/glslcities.org\/fr\/evenements\/assemblee-annuelle\/"]}]},{"@type":"ImageObject","inLanguage":"fr-FR","@id":"https:\/\/glslcities.org\/fr\/evenements\/assemblee-annuelle\/#primaryimage","url":"https:\/\/glslcities.org\/wp-content\/uploads\/2025\/11\/Hamilton-Collage.jpg","contentUrl":"https:\/\/glslcities.org\/wp-content\/uploads\/2025\/11\/Hamilton-Collage.jpg"},{"@type":"BreadcrumbList","@id":"https:\/\/glslcities.org\/fr\/evenements\/assemblee-annuelle\/#breadcrumb","itemListElement":[{"@type":"ListItem","position":1,"name":"Home","item":"https:\/\/glslcities.org\/fr\/"},{"@type":"ListItem","position":2,"name":"\u00c9v\u00e9nements \u00e0 venir","item":"https:\/\/glslcities.org\/fr\/evenements\/"},{"@type":"ListItem","position":3,"name":"Assembl\u00e9e annuelle"}]},{"@type":"WebSite","@id":"https:\/\/glslcities.org\/#website","url":"https:\/\/glslcities.org\/","name":"L\u2019Alliance des villes des Grands Lacs et du Saint-Laurent","description":"Des maires unis pour prot\u00e9ger et restaurer les Grands Lacs et le Saint-Laurent","potentialAction":[{"@type":"SearchAction","target":{"@type":"EntryPoint","urlTemplate":"https:\/\/glslcities.org\/?s={search_term_string}"},"query-input":{"@type":"PropertyValueSpecification","valueRequired":true,"valueName":"search_term_string"}}],"inLanguage":"fr-FR"}]}},"_links":{"self":[{"href":"https:\/\/glslcities.org\/fr\/wp-json\/wp\/v2\/pages\/1337","targetHints":{"allow":["GET"]}}],"collection":[{"href":"https:\/\/glslcities.org\/fr\/wp-json\/wp\/v2\/pages"}],"about":[{"href":"https:\/\/glslcities.org\/fr\/wp-json\/wp\/v2\/types\/page"}],"author":[{"embeddable":true,"href":"https:\/\/glslcities.org\/fr\/wp-json\/wp\/v2\/users\/1"}],"replies":[{"embeddable":true,"href":"https:\/\/glslcities.org\/fr\/wp-json\/wp\/v2\/comments?post=1337"}],"version-history":[{"count":66,"href":"https:\/\/glslcities.org\/fr\/wp-json\/wp\/v2\/pages\/1337\/revisions"}],"predecessor-version":[{"id":19092,"href":"https:\/\/glslcities.org\/fr\/wp-json\/wp\/v2\/pages\/1337\/revisions\/19092"}],"up":[{"embeddable":true,"href":"https:\/\/glslcities.org\/fr\/wp-json\/wp\/v2\/pages\/1335"}],"wp:attachment":[{"href":"https:\/\/glslcities.org\/fr\/wp-json\/wp\/v2\/media?parent=1337"}],"curies":[{"name":"wp","href":"https:\/\/api.w.org\/{rel}","templated":true}]}}