{"id":1877,"date":"2015-06-05T13:59:13","date_gmt":"2015-06-05T17:59:13","guid":{"rendered":"http:\/\/glslcities.org\/?page_id=1877"},"modified":"2016-11-02T16:41:06","modified_gmt":"2016-11-02T20:41:06","slug":"transport-a-pipeline","status":"publish","type":"page","link":"https:\/\/glslcities.org\/fr\/initiatives\/oil-transport-2\/transport-a-pipeline\/","title":{"rendered":"Transport par ol\u00e9oduc"},"content":{"rendered":"<p>Le jeudi 27 octobre dernier, dans le cadre de la journ\u00e9e Grands Lacs-St-Laurent sur la Colline parlementaire, l\u2019Alliance a pr\u00e9sent\u00e9 <strong>ses<\/strong> <strong>recommandations suite \u00e0 une analyse de la nouvelle <em>Loi sur la s\u00fbret\u00e9 des pipelines<\/em><\/strong> \u00e0 M. Jim Carr, Ministre des Ressources naturelles. La nouvelle Loi a \u00e9t\u00e9 adopt\u00e9e afin de r\u00e9former le r\u00e9gime de responsabilit\u00e9 l\u00e9gale pour les pipelines sous r\u00e9glementation f\u00e9d\u00e9rale, historiquement consid\u00e9r\u00e9 comme inad\u00e9quat. La nouvelle Loi comporte de nombreuses am\u00e9liorations cependant, certaines lacunes persistent. Parmi les recommandations soumises par l\u2019Alliance, on peut noter l\u2019importance de r\u00e9duire le caract\u00e8re discr\u00e9tionnaire de la Loi, l\u2019importance de r\u00e9introduire la responsabilit\u00e9 illimit\u00e9e des op\u00e9rateurs de pipelines ainsi que la n\u00e9cessit\u00e9 de reconna\u00eetre le r\u00f4le essentiel des gouvernements locaux de fa\u00e7on plus explicite. Pour consulter le rapport, veuillez\u00a0<a href=\"http:\/\/glslcities.org\/wp-content\/uploads\/2015\/06\/Loi-sur-la-s\u00fbret\u00e9-des-pipelines-Une-\u00e9valuation.pdf\" target=\"_blank\">cliquer ici<\/a>.<\/p>\n<hr \/>\n<p>Mars 2015: L&rsquo;Alliance a pr\u00e9sent\u00e9 une demande de statut d&rsquo;intervenant \u00e0\u00a0l&rsquo;audience de l&rsquo;Office national de l&rsquo;\u00e9nergie pour le\u00a0projet TransCanada \u00c9nergie Est. Le nouveau pipeline longera le fleuve Saint-Laurent et \u00a0passera \u00e0 proximit\u00e9 ou \u00e0 travers plusieurs villes membres de l\u2019Alliance, y compris Cornwall, Montr\u00e9al, Trois-Rivi\u00e8res et Qu\u00e9bec.<\/p>\n<p><a href=\"http:\/\/img.src.ca\/2014\/03\/05\/635x357\/140305_ab8qd_carte-pipeline-transcanada_sn635.jpg\" target=\"_blank\"><img loading=\"lazy\" decoding=\"async\" class=\"aligncenter\" src=\"http:\/\/img.src.ca\/2014\/03\/05\/635x357\/140305_ab8qd_carte-pipeline-transcanada_sn635.jpg\" alt=\"oleoduc transcanada\" width=\"465\" height=\"173\" \/><\/a><\/p>\n<p><a href=\"http:\/\/img.src.ca\/2013\/09\/04\/352x198\/130904_br5i7_carte-transcanada-pipeline_6.jpg\" target=\"_blank\"><img loading=\"lazy\" decoding=\"async\" class=\"aligncenter\" src=\"http:\/\/img.src.ca\/2013\/09\/04\/352x198\/130904_br5i7_carte-transcanada-pipeline_6.jpg\" alt=\"carte oleoduc energie-est\" width=\"352\" height=\"198\" \/><\/a><\/p>\n","protected":false},"excerpt":{"rendered":"<p>Le jeudi 27 octobre dernier, dans le cadre de la journ\u00e9e Grands Lacs-St-Laurent sur la Colline parlementaire, l\u2019Alliance a pr\u00e9sent\u00e9 ses recommandations suite \u00e0 une analyse de la nouvelle Loi sur la s\u00fbret\u00e9 des pipelines \u00e0 M. Jim Carr, Ministre des Ressources naturelles. La nouvelle Loi a \u00e9t\u00e9 adopt\u00e9e afin de r\u00e9former le r\u00e9gime de&#8230; <a class=\"read-more\" href=\"https:\/\/glslcities.org\/fr\/initiatives\/oil-transport-2\/transport-a-pipeline\/\">Read More<span class=\"hidden\"> about \u00ab\u00a0Transport par ol\u00e9oduc\u00a0\u00bb<\/span><\/a><\/p>\n","protected":false},"author":2,"featured_media":0,"parent":1328,"menu_order":10,"comment_status":"open","ping_status":"open","template":"","meta":{"_acf_changed":false,"footnotes":""},"class_list":["post-1877","page","type-page","status-publish","hentry"],"acf":[],"yoast_head":"<!-- This site is optimized with the Yoast SEO plugin v27.4 - https:\/\/yoast.com\/product\/yoast-seo-wordpress\/ -->\n<title>Transport par ol\u00e9oduc - L\u2019Alliance des villes des Grands Lacs et du Saint-Laurent<\/title>\n<meta name=\"robots\" content=\"index, follow, max-snippet:-1, max-image-preview:large, max-video-preview:-1\" \/>\n<link rel=\"canonical\" href=\"https:\/\/glslcities.org\/fr\/initiatives\/oil-transport-2\/transport-a-pipeline\/\" \/>\n<meta property=\"og:locale\" content=\"fr_FR\" \/>\n<meta property=\"og:type\" content=\"article\" \/>\n<meta property=\"og:title\" content=\"Transport par ol\u00e9oduc - L\u2019Alliance des villes des Grands Lacs et du Saint-Laurent\" \/>\n<meta property=\"og:description\" content=\"Le jeudi 27 octobre dernier, dans le cadre de la journ\u00e9e Grands Lacs-St-Laurent sur la Colline parlementaire, l\u2019Alliance a pr\u00e9sent\u00e9 ses recommandations suite \u00e0 une analyse de la nouvelle Loi sur la s\u00fbret\u00e9 des pipelines \u00e0 M. Jim Carr, Ministre des Ressources naturelles. La nouvelle Loi a \u00e9t\u00e9 adopt\u00e9e afin de r\u00e9former le r\u00e9gime de... Read More about &quot;Transport par ol\u00e9oduc&quot;\" \/>\n<meta property=\"og:url\" content=\"https:\/\/glslcities.org\/fr\/initiatives\/oil-transport-2\/transport-a-pipeline\/\" \/>\n<meta property=\"og:site_name\" content=\"L\u2019Alliance des villes des Grands Lacs et du Saint-Laurent\" \/>\n<meta property=\"article:modified_time\" content=\"2016-11-02T20:41:06+00:00\" \/>\n<meta property=\"og:image\" content=\"http:\/\/img.src.ca\/2014\/03\/05\/635x357\/140305_ab8qd_carte-pipeline-transcanada_sn635.jpg\" \/>\n<meta name=\"twitter:card\" content=\"summary_large_image\" \/>\n<meta name=\"twitter:label1\" content=\"Dur\u00e9e de lecture estim\u00e9e\" \/>\n\t<meta name=\"twitter:data1\" content=\"1 minute\" \/>\n<script type=\"application\/ld+json\" class=\"yoast-schema-graph\">{\"@context\":\"https:\\\/\\\/schema.org\",\"@graph\":[{\"@type\":\"WebPage\",\"@id\":\"https:\\\/\\\/glslcities.org\\\/fr\\\/initiatives\\\/oil-transport-2\\\/transport-a-pipeline\\\/\",\"url\":\"https:\\\/\\\/glslcities.org\\\/fr\\\/initiatives\\\/oil-transport-2\\\/transport-a-pipeline\\\/\",\"name\":\"Transport par ol\u00e9oduc - L\u2019Alliance des villes des Grands Lacs et du Saint-Laurent\",\"isPartOf\":{\"@id\":\"https:\\\/\\\/glslcities.org\\\/#website\"},\"primaryImageOfPage\":{\"@id\":\"https:\\\/\\\/glslcities.org\\\/fr\\\/initiatives\\\/oil-transport-2\\\/transport-a-pipeline\\\/#primaryimage\"},\"image\":{\"@id\":\"https:\\\/\\\/glslcities.org\\\/fr\\\/initiatives\\\/oil-transport-2\\\/transport-a-pipeline\\\/#primaryimage\"},\"thumbnailUrl\":\"http:\\\/\\\/img.src.ca\\\/2014\\\/03\\\/05\\\/635x357\\\/140305_ab8qd_carte-pipeline-transcanada_sn635.jpg\",\"datePublished\":\"2015-06-05T17:59:13+00:00\",\"dateModified\":\"2016-11-02T20:41:06+00:00\",\"breadcrumb\":{\"@id\":\"https:\\\/\\\/glslcities.org\\\/fr\\\/initiatives\\\/oil-transport-2\\\/transport-a-pipeline\\\/#breadcrumb\"},\"inLanguage\":\"fr-FR\",\"potentialAction\":[{\"@type\":\"ReadAction\",\"target\":[\"https:\\\/\\\/glslcities.org\\\/fr\\\/initiatives\\\/oil-transport-2\\\/transport-a-pipeline\\\/\"]}]},{\"@type\":\"ImageObject\",\"inLanguage\":\"fr-FR\",\"@id\":\"https:\\\/\\\/glslcities.org\\\/fr\\\/initiatives\\\/oil-transport-2\\\/transport-a-pipeline\\\/#primaryimage\",\"url\":\"http:\\\/\\\/img.src.ca\\\/2014\\\/03\\\/05\\\/635x357\\\/140305_ab8qd_carte-pipeline-transcanada_sn635.jpg\",\"contentUrl\":\"http:\\\/\\\/img.src.ca\\\/2014\\\/03\\\/05\\\/635x357\\\/140305_ab8qd_carte-pipeline-transcanada_sn635.jpg\"},{\"@type\":\"BreadcrumbList\",\"@id\":\"https:\\\/\\\/glslcities.org\\\/fr\\\/initiatives\\\/oil-transport-2\\\/transport-a-pipeline\\\/#breadcrumb\",\"itemListElement\":[{\"@type\":\"ListItem\",\"position\":1,\"name\":\"Home\",\"item\":\"https:\\\/\\\/glslcities.org\\\/fr\\\/\"},{\"@type\":\"ListItem\",\"position\":2,\"name\":\"Initiatives\",\"item\":\"https:\\\/\\\/glslcities.org\\\/fr\\\/initiatives\\\/\"},{\"@type\":\"ListItem\",\"position\":3,\"name\":\"Transport du p\u00e9trole\",\"item\":\"https:\\\/\\\/glslcities.org\\\/fr\\\/initiatives\\\/oil-transport-2\\\/\"},{\"@type\":\"ListItem\",\"position\":4,\"name\":\"Transport par ol\u00e9oduc\"}]},{\"@type\":\"WebSite\",\"@id\":\"https:\\\/\\\/glslcities.org\\\/#website\",\"url\":\"https:\\\/\\\/glslcities.org\\\/\",\"name\":\"L\u2019Alliance des villes des Grands Lacs et du Saint-Laurent\",\"description\":\"Des maires unis pour prot\u00e9ger et restaurer les Grands Lacs et le Saint-Laurent\",\"potentialAction\":[{\"@type\":\"SearchAction\",\"target\":{\"@type\":\"EntryPoint\",\"urlTemplate\":\"https:\\\/\\\/glslcities.org\\\/?s={search_term_string}\"},\"query-input\":{\"@type\":\"PropertyValueSpecification\",\"valueRequired\":true,\"valueName\":\"search_term_string\"}}],\"inLanguage\":\"fr-FR\"}]}<\/script>\n<!-- \/ Yoast SEO plugin. -->","yoast_head_json":{"title":"Transport par ol\u00e9oduc - L\u2019Alliance des villes des Grands Lacs et du Saint-Laurent","robots":{"index":"index","follow":"follow","max-snippet":"max-snippet:-1","max-image-preview":"max-image-preview:large","max-video-preview":"max-video-preview:-1"},"canonical":"https:\/\/glslcities.org\/fr\/initiatives\/oil-transport-2\/transport-a-pipeline\/","og_locale":"fr_FR","og_type":"article","og_title":"Transport par ol\u00e9oduc - L\u2019Alliance des villes des Grands Lacs et du Saint-Laurent","og_description":"Le jeudi 27 octobre dernier, dans le cadre de la journ\u00e9e Grands Lacs-St-Laurent sur la Colline parlementaire, l\u2019Alliance a pr\u00e9sent\u00e9 ses recommandations suite \u00e0 une analyse de la nouvelle Loi sur la s\u00fbret\u00e9 des pipelines \u00e0 M. Jim Carr, Ministre des Ressources naturelles. La nouvelle Loi a \u00e9t\u00e9 adopt\u00e9e afin de r\u00e9former le r\u00e9gime de... Read More about \"Transport par ol\u00e9oduc\"","og_url":"https:\/\/glslcities.org\/fr\/initiatives\/oil-transport-2\/transport-a-pipeline\/","og_site_name":"L\u2019Alliance des villes des Grands Lacs et du Saint-Laurent","article_modified_time":"2016-11-02T20:41:06+00:00","og_image":[{"url":"http:\/\/img.src.ca\/2014\/03\/05\/635x357\/140305_ab8qd_carte-pipeline-transcanada_sn635.jpg","type":"","width":"","height":""}],"twitter_card":"summary_large_image","twitter_misc":{"Dur\u00e9e de lecture estim\u00e9e":"1 minute"},"schema":{"@context":"https:\/\/schema.org","@graph":[{"@type":"WebPage","@id":"https:\/\/glslcities.org\/fr\/initiatives\/oil-transport-2\/transport-a-pipeline\/","url":"https:\/\/glslcities.org\/fr\/initiatives\/oil-transport-2\/transport-a-pipeline\/","name":"Transport par ol\u00e9oduc - L\u2019Alliance des villes des Grands Lacs et du Saint-Laurent","isPartOf":{"@id":"https:\/\/glslcities.org\/#website"},"primaryImageOfPage":{"@id":"https:\/\/glslcities.org\/fr\/initiatives\/oil-transport-2\/transport-a-pipeline\/#primaryimage"},"image":{"@id":"https:\/\/glslcities.org\/fr\/initiatives\/oil-transport-2\/transport-a-pipeline\/#primaryimage"},"thumbnailUrl":"http:\/\/img.src.ca\/2014\/03\/05\/635x357\/140305_ab8qd_carte-pipeline-transcanada_sn635.jpg","datePublished":"2015-06-05T17:59:13+00:00","dateModified":"2016-11-02T20:41:06+00:00","breadcrumb":{"@id":"https:\/\/glslcities.org\/fr\/initiatives\/oil-transport-2\/transport-a-pipeline\/#breadcrumb"},"inLanguage":"fr-FR","potentialAction":[{"@type":"ReadAction","target":["https:\/\/glslcities.org\/fr\/initiatives\/oil-transport-2\/transport-a-pipeline\/"]}]},{"@type":"ImageObject","inLanguage":"fr-FR","@id":"https:\/\/glslcities.org\/fr\/initiatives\/oil-transport-2\/transport-a-pipeline\/#primaryimage","url":"http:\/\/img.src.ca\/2014\/03\/05\/635x357\/140305_ab8qd_carte-pipeline-transcanada_sn635.jpg","contentUrl":"http:\/\/img.src.ca\/2014\/03\/05\/635x357\/140305_ab8qd_carte-pipeline-transcanada_sn635.jpg"},{"@type":"BreadcrumbList","@id":"https:\/\/glslcities.org\/fr\/initiatives\/oil-transport-2\/transport-a-pipeline\/#breadcrumb","itemListElement":[{"@type":"ListItem","position":1,"name":"Home","item":"https:\/\/glslcities.org\/fr\/"},{"@type":"ListItem","position":2,"name":"Initiatives","item":"https:\/\/glslcities.org\/fr\/initiatives\/"},{"@type":"ListItem","position":3,"name":"Transport du p\u00e9trole","item":"https:\/\/glslcities.org\/fr\/initiatives\/oil-transport-2\/"},{"@type":"ListItem","position":4,"name":"Transport par ol\u00e9oduc"}]},{"@type":"WebSite","@id":"https:\/\/glslcities.org\/#website","url":"https:\/\/glslcities.org\/","name":"L\u2019Alliance des villes des Grands Lacs et du Saint-Laurent","description":"Des maires unis pour prot\u00e9ger et restaurer les Grands Lacs et le Saint-Laurent","potentialAction":[{"@type":"SearchAction","target":{"@type":"EntryPoint","urlTemplate":"https:\/\/glslcities.org\/?s={search_term_string}"},"query-input":{"@type":"PropertyValueSpecification","valueRequired":true,"valueName":"search_term_string"}}],"inLanguage":"fr-FR"}]}},"_links":{"self":[{"href":"https:\/\/glslcities.org\/fr\/wp-json\/wp\/v2\/pages\/1877","targetHints":{"allow":["GET"]}}],"collection":[{"href":"https:\/\/glslcities.org\/fr\/wp-json\/wp\/v2\/pages"}],"about":[{"href":"https:\/\/glslcities.org\/fr\/wp-json\/wp\/v2\/types\/page"}],"author":[{"embeddable":true,"href":"https:\/\/glslcities.org\/fr\/wp-json\/wp\/v2\/users\/2"}],"replies":[{"embeddable":true,"href":"https:\/\/glslcities.org\/fr\/wp-json\/wp\/v2\/comments?post=1877"}],"version-history":[{"count":11,"href":"https:\/\/glslcities.org\/fr\/wp-json\/wp\/v2\/pages\/1877\/revisions"}],"predecessor-version":[{"id":7016,"href":"https:\/\/glslcities.org\/fr\/wp-json\/wp\/v2\/pages\/1877\/revisions\/7016"}],"up":[{"embeddable":true,"href":"https:\/\/glslcities.org\/fr\/wp-json\/wp\/v2\/pages\/1328"}],"wp:attachment":[{"href":"https:\/\/glslcities.org\/fr\/wp-json\/wp\/v2\/media?parent=1877"}],"curies":[{"name":"wp","href":"https:\/\/api.w.org\/{rel}","templated":true}]}}